{"id":463,"date":"2020-07-03T17:06:48","date_gmt":"2020-07-03T15:06:48","guid":{"rendered":"https:\/\/scuolasembz.it\/privacy-policy\/"},"modified":"2020-07-03T17:06:48","modified_gmt":"2020-07-03T15:06:48","slug":"privacy-policy","status":"publish","type":"page","link":"https:\/\/scuolasembz.it\/de\/privacy-policy\/","title":{"rendered":"Privacy Policy"},"content":{"rendered":"\n<p><strong>PRIVACY E TRATTAMENTO DEI DATI PERSONALI<br>Informativa ai sensi dell\u2019art. 13 del Regolamento Europeo 2016\/79 del 27 Aprile 2016 relativo alla protezione delle persone fisiche con riguardo al trattamento dei dati personali, nonch\u00e9 alla libera circolazione dei dati<\/strong><\/p>\n\n\n\n<p>Scuola di Estetica Moderna S.E.M srl, con sede legale in Passaggio Duomo 1, 39100 Bolzano (BZ) Italia, CF e P.IVA 02452110212 (in seguito, \u201cTitolare\u201d), in qualit\u00e0 di Titolare del trattamento, La informa ai sensi dell\u2019art. 13 D.Lgs. 30.6.2003 n. 196 (in seguito, \u201cCodice Privacy\u201d) e dell\u2019art. 13 Regolamento UE n. 2016\/679 (in seguito, \u201cGDPR\u201d) che i Suoi dati saranno trattati in modo lecito, corretto e trasparente con le modalit\u00e0 e per le finalit\u00e0 seguenti:<\/p>\n\n\n\n<ol class=\"wp-block-list\"><li><strong>Finalit\u00e0 e modalit\u00e0 del trattamento dei dati<\/strong><\/li><\/ol>\n\n\n\n<p>1.1 I Suoi dati sono acquisiti direttamente dalla societ\u00e0 presso gli interessati, e sono trattati:A) senza il Suo consenso espresso (art. 24 lett. a), b), c) Codice Privacy e art. 6 lett. b), GDPR), per le seguenti Finalit\u00e0 di Servizio: \u2013 concludere i contratti per i servizi del Titolare; \u2013 adempiere agli obblighi precontrattuali, contrattuali e fiscali derivanti da rapporti con Lei in essere; \u2013 adempiere agli obblighi previsti dalla legge, da un regolamento, dalla normativa comunitaria o da un ordine dell\u2019Autorit\u00e0 (come ad esempio in materia di antiriciclaggio); \u2013 esercitare i diritti del Titolare, ad esempio il diritto di difesa in giudizio;<\/p>\n\n\n\n<ol class=\"wp-block-list\"><li>B) solo previo Suo specifico e distinto consenso (artt. 23 e 130 Codice Privacy e art. 7 GDPR), per le seguenti Finalit\u00e0 di Marketing:<\/li><\/ol>\n\n\n\n<p>\u2013 inviarLe via e-mail, posta e\/o sms e\/o contatti telefonici, newsletter, comunicazioni commerciali e\/o materiale pubblicitario su prodotti o servizi offerti dal Titolare e rilevazione del grado di soddisfazione sulla qualit\u00e0 dei servizi;<\/p>\n\n\n\n<p>\u2013 inviarLe via e-mail, posta e\/o sms e\/o contatti telefonici comunicazioni commerciali e\/o promozionali di soggetti terzi (ad esempio, business partner).<\/p>\n\n\n\n<p>I dati raccolti vengono trattati nell\u2019ambito della normale attivit\u00e0 di Scuola di Estetica Moderna S.E.M srl. per le seguenti finalit\u00e0:&nbsp; a) instaurazione dei rapporti con la Clientela (perfezionamento del Preordine), in particolare al fine di adempiere agli obblighi di legge in materia contrattuale, contabile e fiscale; b) offerta, promozione e\/o vendita di prodotti e servizi di Scuola di Estetica Moderna S.E.M srl. e di eventuali aziende partner effettuate attraverso modalit\u00e0 di comunicazione tradizionale o sistemi automatizzati, in particolare invio di informazioni di aggiornamento relative ai prodotti acquistati.<\/p>\n\n\n\n<p>1.2 Il trattamento dei dati personali avviene mediante elaborazioni manuali o strumenti elettronici, informatici e telematici, con logiche strettamente correlate alle finalit\u00e0 stesse, e, in ogni caso, nel rispetto delle cautele, delle garanzie e delle misure necessarie prescritte dalla normativa di riferimento, volte ad assicurare la riservatezza, l\u2019integrit\u00e0 e la disponibilit\u00e0 dei Dati, nonch\u00e9 ad evitare danni, siano essi materiali o immateriali (es. perdita del controllo dei dati personali o limitazione dei diritti, discriminazione, furto o usurpazione d\u2019identit\u00e0, perdite finanziarie, decifratura non autorizzata della pseudonimizzazione, pregiudizio alla reputazione, perdita di riservatezza dei dati personali protetti da segreto professionale o qualsiasi altro danno economico o sociale significativo).. Il trattamento dei dati personali avviene sulla base dei dati in nostro possesso e con impegno da parte Sua di comunicarci tempestivamente eventuali correzioni, integrazioni e\/o aggiornamenti.<\/p>\n\n\n\n<p>Il consenso potr\u00e0 essere revocato in qualsiasi momento, senza che ci\u00f2 pregiudichi la liceit\u00e0 dei trattamenti antecedentemente svolti.<\/p>\n\n\n\n<p>La Societ\u00e0, limitatamente a quanto necessario per il perseguimento delle finalit\u00e0 di cui al paragrafo 1, potrebbe venire a conoscenza anche di dati che il Regolamento definisce particolari (es. i dati idonei a rivelare l\u2019origine razziale ed etnica, le convinzioni religiose o filosofiche, l\u2019appartenenza sindacale, nonch\u00e9 i dati genetici, i dati biometrici, i dati relativi alla salute o alla vita sessuale o all\u2019orientamento sessuale della persona). Tali dati particolari possono essere trattati: col consenso esplicito dell\u2019Interessato; per assolvere gli obblighi o esercitare i diritti del Titolare o degli Interessati in materia di diritto del lavoro e della sicurezza sociale e protezione sociale; per tutelare gli interessi vitali degli Interessati o di un\u2019altra persona fisica qualora l\u2019Interessato si trovi nell\u2019incapacit\u00e0 fisica o giuridica di prestare il proprio consenso; qualora il trattamento riguardi dati personali resi manifestamente pubblici dall\u2019Interessato; se il trattamento \u00e8 necessario ai fini della valutazione della capacit\u00e0 lavorativa del dipendente o sotto la responsabilit\u00e0 di un professionista soggetto al segreto professionale o da altra persona anch\u2019essa soggetta all\u2019obbligo di segretezza; per accertare, esercitare o difendere un diritto in sede giudiziaria. In ogni caso, i dati particolari eventualmente acquisiti saranno trattati attenendosi interamente a quanto stabilito in proposito dal Regolamento, nonch\u00e9 nel rispetto dei provvedimenti (generali e particolari) adottati in materia dal Garante Privacy e, in ogni caso, con la massima riservatezza. I dati particolari non saranno oggetto di diffusione e potranno essere comunicati ai destinatari di cui al paragrafo 7 esclusivamente per il perseguimento delle finalit\u00e0 dichiarate e nel rispetto degli obblighi di confidenzialit\u00e0 sopra indicati.<\/p>\n\n\n\n<p>Il Titolare tratter\u00e0 i dati personali per il tempo necessario per adempiere alle finalit\u00e0 di cui sopra e comunque per non oltre 10 anni dalla cessazione del rapporto per le Finalit\u00e0 di Servizio e di Marketing. Decorso tale termine, i Dati saranno cancellati o trasformati in forma anonima, salvo che la loro ulteriore conservazione sia necessaria per assolvere ad obblighi di legge o per adempiere ad ordini impartiti da Pubbliche Autorit\u00e0 e\/o Organismi di Vigilanza.<\/p>\n\n\n\n<ol class=\"wp-block-list\" start=\"2\"><li><strong>Natura del conferimento dei dati.<\/strong><\/li><\/ol>\n\n\n\n<p>Ferma l\u2019autonomia personale dell\u2019interessato, il conferimento dei dati contrassegnati come obbligatori nel modulo \u00e8 strettamente necessario al conseguimento delle finalit\u00e0 di cui al comma a) del punto 1.1.<\/p>\n\n\n\n<ol class=\"wp-block-list\" start=\"3\"><li><strong>Conseguenze del rifiuto di conferimento dei dati.<\/strong><\/li><\/ol>\n\n\n\n<p>Il mancato conferimento dei dati contrassegnati come obbligatori comporter\u00e0: l\u2019impossibilit\u00e0 di instaurare o proseguire il rapporto, ovvero di effettuare alcune operazioni, se i dati sono necessari all\u2019esecuzione del rapporto o dell\u2019operazione; l\u2019impossibilit\u00e0 di effettuare alcune operazioni che presuppongono la comunicazione dei dati a soggetti funzionalmente collegati all\u2019esecuzione delle stesse; la mancata comunicazione dei dati a soggetti che svolgono ulteriori attivit\u00e0, non funzionalmente collegate all\u2019esecuzione del rapporto.<\/p>\n\n\n\n<ol class=\"wp-block-list\" start=\"4\"><li><strong>Accesso, comunicazione e diffusione dei dati.<\/strong><\/li><\/ol>\n\n\n\n<p>I dati personali raccolti con le modalit\u00e0 descritte possono essere comunicati a societ\u00e0 collegate a Scuola di Estetica Moderna S.E.M srl, in particolare ad Enti ed Autorit\u00e0 pubbliche, al consulente fiscale, e al consulente del lavoro, per l\u2019espletamento di obblighi di legge. Possono venire a conoscenza dei dati, in qualit\u00e0 di incaricati, gli addetti al processamento delle richieste. I suddetti dati non sono soggetti a diffusione.<\/p>\n\n\n\n<ol class=\"wp-block-list\" start=\"5\"><li><strong>Trasferimento dati<\/strong><\/li><\/ol>\n\n\n\n<p>I dati personali sono conservati su server fisici o virtuali, interno o esterni, o su archivi cartacei ubicati presso la sede legale di Scuola di Estetica Moderna S.E.M srl.. Ove necessario per il perseguimento delle finalit\u00e0 di cui al paragrafo 1, i Dati dell\u2019Interessato potrebbero essere trasferiti all\u2019estero, verso Paesi\/organizzazioni extra UE che garantiscano un livello di protezione dei dati personali ritenuto adeguato dalla Commissione Europea con propria decisione, o comunque sulla base di altre garanzie appropriate, quali ad esempio un contratto oppure le Clausole Contrattuali Standard adottate dalla Commissione Europea per i paesi che non garantiscano un livello di protezione adeguato.<\/p>\n\n\n\n<p>Una copia dei Dati eventualmente trasferiti all\u2019estero, nonch\u00e9 l\u2019elenco dei Paesi\/organizzazioni extra UE verso i quali i Dati sono stati trasferiti, potranno essere richiesti al Titolare utilizzando i recapiti indicati al successivo paragrafo 8.<\/p>\n\n\n\n<ol class=\"wp-block-list\" start=\"6\"><li><strong>Natura del conferimento dei dati e conseguenze del rifiuto di rispondere.<\/strong><\/li><\/ol>\n\n\n\n<p>6.1 Il conferimento dei dati per le finalit\u00e0 di cui all\u2019art. 1.1A) \u00e8 obbligatorio. In loro assenza, non potremo garantirle i Servizi dell\u2019art. 1.1A).<\/p>\n\n\n\n<p>6.2 Il conferimento dei dati per le finalit\u00e0 di cui all\u2019art. 1.1B) \u00e8 invece facoltativo. Pu\u00f2 quindi decidere di non conferire alcun dato o di negare successivamente la possibilit\u00e0 di trattare dati gi\u00e0 forniti: in tal caso, non potr\u00e0 ricevere sms, newsletter, comunicazioni commerciali e materiale pubblicitario inerenti ai Servizi offerti dal Titolare. Continuer\u00e0 comunque ad avere diritto ai Servizi di cui all\u2019art. 1.1A).<\/p>\n\n\n\n<ol class=\"wp-block-list\" start=\"7\"><li><strong>Diritti dell\u2019interessato<\/strong><\/li><\/ol>\n\n\n\n<p>Nella Sua qualit\u00e0 di interessato, ha i diritti di cui all\u2019art. 7 Codice Privacy e art. 15 GDPR e precisamente i diritti di:<\/p>\n\n\n\n<ol class=\"wp-block-list\"><li>ottenere la conferma dell\u2019esistenza o meno di dati personali che La riguardano, anche se non ancora registrati, e la loro comunicazione in forma intelligibile;<\/li><li>ottenere l\u2019indicazione: a) dell\u2019origine dei dati personali; b) delle finalit\u00e0 e modalit\u00e0 del trattamento; c) della logica applicata in caso di trattamento effettuato con l\u2019ausilio di strumenti elettronici; d) degli estremi identificativi del titolare, dei responsabili e del rappresentante designato ai sensi dell\u2019art. 5, comma 2 Codice Privacy e art. 3, comma 1, GDPR; e) dei soggetti o delle categorie di soggetti ai quali i dati personali possono essere comunicati o che possono venirne a conoscenza in qualit\u00e0 di rappresentante designato nel territorio dello Stato, di responsabili o incaricati;<\/li><\/ol>\n\n\n\n<p>iii. ottenere: a) l\u2019aggiornamento, la rettificazione ovvero, quando vi ha interesse, l\u2019integrazione dei dati; b) la cancellazione, la trasformazione in forma anonima o il blocco dei dati trattati in violazione di legge, compresi quelli di cui non \u00e8 necessaria la conservazione in relazione agli scopi per i quali i dati sono stati raccolti o successivamente trattati; c) l\u2019attestazione che le operazioni di cui alle lettere a) e b) sono state portate a conoscenza, anche per quanto riguarda il loro contenuto, a coloro ai quali i dati sono stati comunicati o diffusi, eccettuato il caso in cui tale adempimento si rivela impossibile o comporta un impiego di mezzi manifestamente sproporzionato rispetto al diritto tutelato;<\/p>\n\n\n\n<ol class=\"wp-block-list\"><li>opporsi, in tutto o in parte: a) per motivi legittimi al trattamento dei dati personali che La riguardano, ancorch\u00e9 pertinenti allo scopo della raccolta; b) al trattamento di dati personali che La riguardano a fini di invio di materiale pubblicitario o di vendita diretta o per il compimento di ricerche di mercato o di comunicazione commerciale, mediante l\u2019uso di sistemi automatizzati di chiamata senza l\u2019intervento di un operatore mediante e-mail e\/o mediante modalit\u00e0 di marketing tradizionali mediante telefono e\/o posta cartacea. Si fa presente che il diritto di opposizione dell\u2019interessato, esposto al precedente punto b), per finalit\u00e0 di marketing diretto mediante modalit\u00e0 automatizzate si estende a quelle tradizionali e che comunque resta salva la possibilit\u00e0 per l\u2019interessato di esercitare il diritto di opposizione anche solo in parte. Pertanto, l\u2019interessato pu\u00f2 decidere di ricevere solo comunicazioni mediante modalit\u00e0 tradizionali ovvero solo comunicazioni automatizzate oppure nessuna delle due tipologie di comunicazione. Ove applicabili, ha altres\u00ec i diritti di cui agli artt. 16-21 GDPR (Diritto di rettifica, diritto all\u2019oblio, diritto di limitazione di trattamento, diritto alla portabilit\u00e0 dei dati, diritto di opposizione), nonch\u00e9 il diritto di reclamo all\u2019Autorit\u00e0 Garante.<\/li><\/ol>\n\n\n\n<p>I diritti in oggetto potranno essere esercitati, anche per il tramite di un incaricato, mediante richiesta rivolta al Titolare del trattamento con lettera raccomandata o email all\u2019indirizzo di posta elettronica info@scuolasembz.it<\/p>\n\n\n\n<ol class=\"wp-block-list\" start=\"8\"><li><strong>Titolare e Responsabili del trattamento<\/strong><\/li><\/ol>\n\n\n\n<p>Titolare del trattamento \u00e8: Scuola di Estetica Moderna S.E.M srl., nella persona del suo legale rappresentante, domiciliato per la carica presso la sede legale della Societ\u00e0 in via Passaggio Duomo 1, 39100 Bolzano (BZ) Italia. L\u2019elenco aggiornato dei responsabili e degli incaricati al trattamento \u00e8 custodito presso la sede legale del Titolare del trattamento. Il Titolare non ha nominato un Responsabile della Protezione dei Dati, perch\u00e9 non obbligato.<\/p>\n","protected":false},"excerpt":{"rendered":"<p>PRIVACY E TRATTAMENTO DEI DATI PERSONALIInformativa ai sensi dell\u2019art. 13 del Regolamento Europeo 2016\/79 del 27 Aprile 2016 relativo alla protezione delle persone fisiche con riguardo al trattamento dei dati&#8230;<\/p>\n","protected":false},"author":1,"featured_media":0,"parent":0,"menu_order":0,"comment_status":"closed","ping_status":"open","template":"","meta":{"footnotes":""},"class_list":["post-463","page","type-page","status-publish"],"publishpress_future_workflow_manual_trigger":{"enabledWorkflows":[]},"_links":{"self":[{"href":"https:\/\/scuolasembz.it\/de\/wp-json\/wp\/v2\/pages\/463","targetHints":{"allow":["GET"]}}],"collection":[{"href":"https:\/\/scuolasembz.it\/de\/wp-json\/wp\/v2\/pages"}],"about":[{"href":"https:\/\/scuolasembz.it\/de\/wp-json\/wp\/v2\/types\/page"}],"author":[{"embeddable":true,"href":"https:\/\/scuolasembz.it\/de\/wp-json\/wp\/v2\/users\/1"}],"replies":[{"embeddable":true,"href":"https:\/\/scuolasembz.it\/de\/wp-json\/wp\/v2\/comments?post=463"}],"version-history":[{"count":0,"href":"https:\/\/scuolasembz.it\/de\/wp-json\/wp\/v2\/pages\/463\/revisions"}],"wp:attachment":[{"href":"https:\/\/scuolasembz.it\/de\/wp-json\/wp\/v2\/media?parent=463"}],"curies":[{"name":"wp","href":"https:\/\/api.w.org\/{rel}","templated":true}]}}